{"id":2756,"date":"2019-05-13T04:07:26","date_gmt":"2019-05-13T04:07:26","guid":{"rendered":"http:\/\/unadeca.net\/cwhite4\/?page_id=2756"},"modified":"2023-02-07T17:04:31","modified_gmt":"2023-02-07T17:04:31","slug":"guatemala","status":"publish","type":"page","link":"https:\/\/unadeca.net\/cwhite\/guatemala\/","title":{"rendered":"Guatemala"},"content":{"rendered":"\t\t<div data-elementor-type=\"wp-post\" data-elementor-id=\"2756\" class=\"elementor elementor-2756\">\n\t\t\t\t\t\t<section class=\"elementor-section elementor-top-section elementor-element elementor-element-3f7425ef elementor-section-full_width section-title background elementor-section-height-default elementor-section-height-default\" data-id=\"3f7425ef\" data-element_type=\"section\" data-settings=\"{&quot;background_background&quot;:&quot;classic&quot;}\">\n\t\t\t\t\t\t<div class=\"elementor-container elementor-column-gap-default\">\n\t\t\t\t\t<div class=\"elementor-column elementor-col-100 elementor-top-column elementor-element elementor-element-7560df27\" data-id=\"7560df27\" data-element_type=\"column\">\n\t\t\t<div class=\"elementor-widget-wrap elementor-element-populated\">\n\t\t\t\t\t\t<div class=\"elementor-element elementor-element-2ef79e02 text-white elementor-widget elementor-widget-heading\" data-id=\"2ef79e02\" data-element_type=\"widget\" data-widget_type=\"heading.default\">\n\t\t\t\t<div class=\"elementor-widget-container\">\n\t\t\t\t\t<h3 class=\"elementor-heading-title elementor-size-default\">Historia de la iglesia: Guatemala<\/h3>\t\t\t\t<\/div>\n\t\t\t\t<\/div>\n\t\t\t\t\t<\/div>\n\t\t<\/div>\n\t\t\t\t\t<\/div>\n\t\t<\/section>\n\t\t\t\t<section class=\"elementor-section elementor-top-section elementor-element elementor-element-721a2dfe elementor-section-boxed elementor-section-height-default elementor-section-height-default\" data-id=\"721a2dfe\" data-element_type=\"section\">\n\t\t\t\t\t\t<div class=\"elementor-container elementor-column-gap-default\">\n\t\t\t\t\t<div class=\"elementor-column elementor-col-66 elementor-top-column elementor-element elementor-element-781791ab\" data-id=\"781791ab\" data-element_type=\"column\">\n\t\t\t<div class=\"elementor-widget-wrap elementor-element-populated\">\n\t\t\t\t\t\t<div class=\"elementor-element elementor-element-220000cb elementor-widget elementor-widget-text-editor\" data-id=\"220000cb\" data-element_type=\"widget\" data-widget_type=\"text-editor.default\">\n\t\t\t\t<div class=\"elementor-widget-container\">\n\t\t\t\t\t\t\t\t\t<h1 style=\"font-weight: 500;\"><b><strong>INICIO DE LA OBRA ADVENTISTA EN GUATEMALA<\/strong><\/b><\/h1><p style=\"font-weight: 400;\">\u00a0<b><strong><em>\u00a0\u00a0\u00a0\u00a0<\/em><\/strong><\/b><b><strong>Por<\/strong><\/b><\/p><p style=\"font-weight: 400;\"><b><strong><em>Carlos Chavarr\u00eda\u00a0<br \/>Daniel Montalv\u00e1n<br \/>Carlos Montoya<br \/>Oscar V\u00e1squez<\/em><\/strong><\/b><\/p><h1 style=\"font-weight: 500;\">INTRODUCCI\u00d3N<\/h1><p style=\"font-weight: 400;\">\u00a0En el presenta trabajo, es una serie de recopilaci\u00f3n hist\u00f3rica que se ha desarrollado\u00a0atreves de muchos a\u00f1os atr\u00e1s, hasta lo que hoy es Guatemala, en este trabajo daremos informaci\u00f3n general de las riquezas que posee el\u00a0\u00a0hermoso pa\u00eds de Guatemala, y podremos ver, que es un pa\u00eds sumamente rico debido a la naturaleza que le rodea. Adem\u00e1s de esto conoceremos datos importantes sobre c\u00f3mo fueron los\u00a0\u00a0inicios de\u00a0\u00a0esta gran naci\u00f3n, desde sus or\u00edgenes en la colonizaci\u00f3n, su independencia, sus idiomas, sus creencias, su estilo de vida, hasta el progreso\u00a0\u00a0que este pa\u00eds\u00a0\u00a0ha tenido hasta en nuestros d\u00edas.<\/p><p style=\"font-weight: 400;\">Es interesante que en la historia de esta gran naci\u00f3n surgen tambi\u00e9n un aserie de religiones, que comenzaron a evangelizar en este pa\u00eds, y uno de ellos son los Adventistas Del S\u00e9ptimo D\u00eda. En este presente estudio, tambi\u00e9n conoceremos, los inicios de la obra Adventista en Guatemala, conoceremos como fueron sus inicios y c\u00f3mo fue que la Iglesia se consolido, sin embargo tambi\u00e9n especificaremos como fue que el adventismo entro, quienes fueron los primeros adventistas, como ha progresado el adventismo en la historia y como es hoy en d\u00eda.<\/p><h1 style=\"font-weight: 500;\">DESCRIPCION DEL PAIS<\/h1><h2 style=\"font-weight: 500;\">Datos Generales de Guatemala<\/h2><p style=\"font-weight: 400;\"><a name=\"_Toc394396284\"><\/a><b><strong>Datos Demogr\u00e1ficos<\/strong><\/b><\/p><p style=\"font-weight: 400;\">La poblaci\u00f3n de Guatemala es de 17.109.746 habitantes, de los cuales el 40.8% est\u00e1 entre los 0 y 14 a\u00f1os, el 55.5% est\u00e1 entre los 15 y 64 a\u00f1os y el 3.6% de los 65 en adelante.<\/p><p style=\"font-weight: 400;\"><b><strong>La divisi\u00f3n etnogr\u00e1fica es la siguiente:<\/strong><\/b><\/p><p style=\"font-weight: 400;\">Latinos (conformados por mestizos y descendientes de criollos): 60%,<\/p><p style=\"font-weight: 400;\">Ind\u00edgenas (grupos de mayas) y Gar\u00edfuna: 40%.<\/p><p style=\"font-weight: 400;\"><a name=\"_Toc394396285\"><\/a><b><strong>Ascendencia<\/strong><\/b><\/p><p style=\"font-weight: 400;\">Seg\u00fan datos de los \u00faltimos censos de poblaci\u00f3n, el 63% de los guatemaltecos son mestizos y blancos de ascendencia europea en su mayor\u00eda espa\u00f1ola y el 36.5% de la poblaci\u00f3n es ind\u00edgena.<\/p><p style=\"font-weight: 400;\"><a name=\"_Toc394396286\"><\/a><b><strong>Poblaci\u00f3n rural<\/strong><\/b><\/p><p style=\"font-weight: 400;\">La mayor\u00eda de la poblaci\u00f3n guatemalteca es rural, aunque la urbanizaci\u00f3n se acelera.<\/p><p style=\"font-weight: 400;\"><b><strong>Religi\u00f3n<\/strong><\/b><\/p><p style=\"font-weight: 400;\">La religi\u00f3n predominante es el Catolicismo Romano, al que muchos guatemaltecos ind\u00edgenas han incorporado formas tradicionales de adoraci\u00f3n. El Protestantismo y las religiones mayas son practicados por un estimado de 32% y 1% de la poblaci\u00f3n, respectivamente.<\/p><ul style=\"font-weight: 400;\"><li>Catolicismo 47%\u00a0\u00a0\u00a0\u00a0\u00a0\u00a0\u00a0\u00a0\u00a0\u00a0\u00a0\u00a0\u00a0\u00a0\u00a0\u00a07,087,600<\/li><li>Protestantismo 40%\u00a0\u00a0\u00a0\u00a0\u00a0\u00a0\u00a0\u00a0\u00a0\u00a0\u00a06,032,000<\/li><li>Ninguna (Atea) 9%\u00a0\u00a0\u00a0\u00a0\u00a0\u00a0\u00a0\u00a0\u00a0\u00a0\u00a0\u00a0\u00a01,357,200<\/li><li>Otros 4%\u00a0\u00a0\u00a0\u00a0\u00a0\u00a0\u00a0\u00a0\u00a0\u00a0\u00a0\u00a0\u00a0\u00a0\u00a0\u00a0\u00a0\u00a0\u00a0\u00a0\u00a0\u00a0\u00a0\u00a0\u00a0\u00a0\u00a0\u00a0\u00a0\u00a0603,200<\/li><\/ul><p style=\"font-weight: 400;\"><b><strong>Idioma<\/strong><\/b><\/p><p style=\"font-weight: 400;\">Aunque el idioma oficial es el espa\u00f1ol, \u00e9ste no es universalmente comprendido entre la poblaci\u00f3n ind\u00edgena. Sin embargo, los Acuerdos de Paz firmados en diciembre de 1996 aseguran la traducci\u00f3n de algunos documentos oficiales y los materiales de votaci\u00f3n a varias Lenguas ind\u00edgenas.<\/p><p style=\"font-weight: 400;\">Espa\u00f1ol: es el idioma dominante con un 60%.<\/p><p style=\"font-weight: 400;\">Idiomas Mayas: 40% (m\u00e1s de 20 idiomas Mayas, incluyendo ach\u00ed, quich\u00e9, cakchiquel, quekch\u00ed, mam. Los idiomas no mayenses son el gar\u00edfuna y el xinca).<\/p><p style=\"font-weight: 400;\"><a name=\"_Toc394396287\"><\/a><b><strong>Gobierno y Pol\u00edtica.<\/strong><\/b><\/p><p style=\"font-weight: 400;\">La actual pol\u00edtica de Guatemala est\u00e1 regida por la Constituci\u00f3n Pol\u00edtica de la Rep\u00fablica de Guatemala de 1985 y reformada en 1993 en la que se establece a Guatemala como un Estado libre, independiente y soberano. Su sistema de gobierno es republicano, democr\u00e1tico y representativo.<\/p><h2 style=\"font-weight: 500;\">Historia:<\/h2><p style=\"font-weight: 400;\">Guatemala est\u00e1 situada dentro del \u00e1rea geogr\u00e1fica conocida como Mesoam\u00e9rica. Dentro de sus l\u00edmites territoriales se desarrollaron varias culturas. Entre ellas la Civilizaci\u00f3n Maya que fue notable por lograr un complejo desarrollo social.<\/p><p style=\"font-weight: 400;\">Hoy en d\u00eda a Guatemala se le conoce como el coraz\u00f3n del mundo Maya donde m\u00e1s de cuatro millones de descendientes mayas contin\u00faan hablando idiomas que descienden del tronco maya. No obstante se considera que el castellano sigue ejerciendo cierta influencia negativa en las lenguas derivadas del maya al relegarlas a posiciones minoritarias. As\u00ed mismo se mantienen costumbres originarias -en aquellos grupos no afectados por la conquista e hispanizaci\u00f3n-, viviendo con la pr\u00e1ctica de la agricultura, la ganader\u00eda y la pesca. De estos aproximadamente 2 millones viven en Guatemala.<\/p><p style=\"font-weight: 400;\"><a name=\"_Toc394396282\"><\/a><b><strong>Colonizaci\u00f3n<\/strong><\/b><\/p><p style=\"font-weight: 400;\">En 1523 los conquistadores espa\u00f1oles llegaron por el oeste, provenientes de M\u00e9xico, bajo el mando del capit\u00e1n Pedro de Alvarado, con la intenci\u00f3n de explorar y colonizar los territorios de la actual Guatemala. Se enfrentaron primero con los k&#8217;iches, y luego se aliaron brevemente con los kaqchikeles, fundando su primer asentamiento el 25 de julio de 1524 en las cercan\u00edas de Iximch\u00e9, capital de los kaqchikeles, villa que recibi\u00f3 por nombre Santiago de los Caballeros de Guatemala en honor al ap\u00f3stol mayor.<\/p><p style=\"font-weight: 400;\">El 22 de noviembre de 1527 esta ciudad fue trasladada al Valle de Almolonga (hoy el barrio de San Miguel Escobar en Ciudad Vieja, Sacatep\u00e9quez), debido al constante asedio que sufr\u00eda por los ataques de los nativos. \u00c9sta fue destruida en la madrugada del 11 de septiembre de 1541 por un alud de lodo y piedras que provino de la cima delVolc\u00e1n de Agua (Volc\u00e1n Hunahp\u00fa, como lo conoc\u00edan los ind\u00edgenas), sepultando a la entonces capital de la regi\u00f3n y enterrando a la ciudad con la mayor\u00eda de sus habitantes. Entre ellos estuvo la gobernadora do\u00f1a Beatriz de la Cueva, viuda de Pedro de Alvarado. Esto oblig\u00f3 a que la ciudad fuera de nuevo trasladada al cercano Valle de Panchoy, unos 6 km aguas abajo, en lo que actualmente es la ciudad de Antigua Guatemala.<\/p><p style=\"font-weight: 400;\">En 1543 fue creada la Audiencia y Canciller\u00eda Real de Santiago de Guatemala, conocida simplemente como Real Audiencia de Guatemala o Audiencia de los Confines, era el m\u00e1s alto tribunal de la Corona espa\u00f1ola en el Reino de Guatemala, en el actual territorio de Guatemala, Belice, El Salvador, Honduras, Nicaragua y Costa Rica y el estado mexicano de Chiapas.<\/p><p style=\"font-weight: 400;\"><a name=\"_Toc394396283\"><\/a><b><strong>Independencia<\/strong><\/b><\/p><p style=\"font-weight: 400;\">En la regi\u00f3n siguieron floreciendo industrias como las del a\u00f1il, el cacao, el cardamomo y la ca\u00f1a de az\u00facar, creando grandes riquezas y permitiendo el desarrollo de otras industrias como la de los tejidos, cuyo auge dur\u00f3 hasta finales del siglo XVIII. Deseando crear relaciones comerciales con otras naciones, adem\u00e1s de Espa\u00f1a, la burgues\u00eda criolla de aquella \u00e9poca decidi\u00f3 declarar su independencia, tanto pol\u00edtica como econ\u00f3mica, de la corona, el 15 de septiembre de 1821, aprovechando el caos pol\u00edtico que se viv\u00eda en Espa\u00f1a. Como en la mayor\u00eda de los pa\u00edses iberoamericanos, la independencia de Guatemala fue un movimiento esencialmente elitista, que no supuso una mejora inmediata de las condiciones generales de vida del pueblo guatemalteco; antes bien, fue promovida fundamentalmente por la \u00e9lite econ\u00f3mica de la regi\u00f3n para poder enriquecerse con los nuevos lazos comerciales que se esperaban adquirir, y no tanto por la separaci\u00f3n pol\u00edtica en s\u00ed.<\/p><p style=\"font-weight: 400;\">Para el 5 de enero de 1822, a pesar de que el Acta de Independencia establec\u00eda la formaci\u00f3n de un Congreso que decidir\u00eda la independencia general y absoluta, el presidente de la Junta Provisional Consultiva, Gabino Ga\u00ednza, decret\u00f3 la anexi\u00f3n de las provincias centroamericanas al Imperio Mexicano, que inclu\u00eda a la Provincia de Guatemala, mediante acta que recab\u00f3 la decisi\u00f3n mayoritaria de los ayuntamientos. La uni\u00f3n dur\u00f3 hasta la abdicaci\u00f3n de Agust\u00edn de Iturbide en marzo de 1823.<\/p><h2 style=\"font-weight: 500;\">LA OBRA ADVENTISTA EN GUATEMALA<\/h2><h4 style=\"font-weight: 500;\"><a name=\"_Toc394396289\"><\/a>Fundadores de la Obra Adventista en Guatemala.<\/h4><p style=\"font-weight: 400;\">En\u00a0\u00a01885, el hermano E. Gauterau, de las islas de la Bah\u00eda de Honduras asist\u00eda como miembro de la Iglesia Adventista de California, al regresar a las Islas de la Bah\u00eda, trajo consigo una buena cantidad de tratados, que distribuyo entre sus familiares y amigos. Algunos\u00a0\u00a0de estos tratados llegaron a Belice.<\/p><p style=\"font-weight: 400;\">\u00a0\u00a0\u00a0\u00a0\u00a0\u00a0\u00a0En 1887, El pastor T.H. Gibbs, pastor de Nueva Orleans, vino a Centroam\u00e9rica trayendo tratados y libros que distribuyo en las Islas de la Bah\u00eda de Honduras, Belice y Puerto Barrios de Guatemala. Como resultado, varias personas escribieron pidiendo cursos b\u00edblicos por correspondencia. Ese mismo a\u00f1o, 1887, el pastor Gibbs encontr\u00f3 algunos adventistas procedentes de Jamaica, que trabajaban en la United Fruit Company de Puerto Barrios, Guatemala. En ese momento no pudo organizar ning\u00fan grupo, sino hasta que algunos de ellos trajeron sus familiares y se establecieron formalmente en Guatemala.<\/p><p style=\"font-weight: 400;\">\u00a0\u00a0\u00a0\u00a0\u00a0\u00a0\u00a0En 1891, el pastor L. C. Chadwick presidente de la Sociedad Internacional de Tratados, llego a las Islas de la Bah\u00eda y Belice en donde encontr\u00f3 peque\u00f1os grupos de creyentes.<\/p><h3 style=\"font-weight: 500;\">ESFUERZO MISIONERO<\/h3><p style=\"font-weight: 400;\">En ese mismo a\u00f1o, 1891, el pastor Frank J. Hutchins, quien era predicador, colportor y dentista, se estableci\u00f3 en Roat\u00e1n, Islas de la Bah\u00eda, bautiz\u00f3 y organizo la escuela sab\u00e1tica de Roat\u00e1n.\u00a0<\/p><p style=\"font-weight: 400;\">\u00a0\u00a0\u00a0\u00a0\u00a0\u00a0\u00a0\u00a0\u00a0\u00a0\u00a0\u00a0En 1892, el pastor Hutchins bautiz\u00f3 y organizo la Escuela Sab\u00e1tica en Bonacca (Guanaja).<\/p><p style=\"font-weight: 400;\">\u00a0\u00a0\u00a0\u00a0\u00a0\u00a0\u00a0\u00a0\u00a0\u00a0\u00a0\u00a0En 1893, el pastor Hutchins construyo el Templo Adventista de Roat\u00e1n, fue el primer templo adventista en Centroam\u00e9rica.<\/p><p style=\"font-weight: 400;\">\u00a0\u00a0\u00a0\u00a0\u00a0\u00a0\u00a0\u00a0\u00a0\u00a0\u00a0\u00a0En 1897, el pastor Frank J. Hutchins construyo la lancha Misionera The Herald; en esa lancha visito continuamente Belice, Puerto Barrios de Guatemala, La Ceiba de Honduras, Yulu en la costa atl\u00e1ntica de Nicaragua, Puerto Lim\u00f3n de Costa Rica, Bocas del Toro de Panam\u00e1 y las Islas Colombianas. En cada uno de esos lugares fund\u00f3 peque\u00f1os grupos adventistas.<\/p><p style=\"font-weight: 400;\">\u00a0\u00a0\u00a0\u00a0\u00a0\u00a0\u00a0\u00a0\u00a0\u00a0\u00a0\u00a0En 1906, fue organizada la West Indian Uni\u00f3n Conference, con sede en Jamaica. La Central American Mision(Honduras, Islas de la Bah\u00eda y Belice) form\u00f3 parte de esa organizaci\u00f3n.<\/p><p style=\"font-weight: 400;\">\u00a0\u00a0\u00a0\u00a0\u00a0\u00a0\u00a0\u00a0\u00a0\u00a0\u00a0\u00a0En 1907, un Terremoto destruy\u00f3 la ciudad de Kingston, Jamaica. El Edificio de la West Indian Uni\u00f3n Conference tambi\u00e9n quedo destruido.<\/p><p style=\"font-weight: 400;\">\u00a0\u00a0\u00a0\u00a0\u00a0\u00a0\u00a0\u00a0\u00a0\u00a0\u00a0\u00a0En 1908, a causa del terremoto en Jamaica, la sede de la West Indian Uni\u00f3n Conferencie fue trasladada a Colon, Zona del Canal de Panam\u00e1. Ese a\u00f1o se organiz\u00f3 la Central Am\u00e9rica Conference, que incluyo Honduras, Islas de la Bah\u00eda y Belice.<\/p><h2 style=\"font-weight: 500;\">FECHAS IMPORTANTES.<\/h2><p style=\"font-weight: 400;\">En\u00a0<b><strong>1908,<\/strong><\/b>\u00a0los pastores E. L. Cardey y C.A Nowlen llegaron a Guatemala para abrir obra adventista\u00a0\u00a0en el pa\u00eds. El Pastor Cardey compr\u00f3 el colegio Guatemala English School, que pertenec\u00eda a\u00a0\u00a0la misi\u00f3n amigos; El colegio que estaba ubicado en la 4\u00aa Avenida y 8\u00aa calle, zona 1(a una cuadra del Parque Central). El Colegio ten\u00eda\u00a0\u00a0siete maestros, el pastor Cardey era el director y Profesor de Biblia; con ese personal formo la primera Escuela Sab\u00e1tica de Guatemala. El Colegio fue establecido como\u00a0\u00a0Colegio Misi\u00f3n subsidiado por la West Indian Uni\u00f3n Conference con sede en Col\u00f3n, Zona del Canal de Panam\u00e1. Despu\u00e9s del Pastor Cardey, el director fue el pastor Hysmer.<\/p><p style=\"font-weight: 400;\">El 13 de Marzo de\u00a0<b><strong>1911,<\/strong><\/b>\u00a0lleg\u00f3 a Guatemala. Procedente de Puerto Lim\u00f3n, Costa Rica, el pastor J.B. Stuyvesant. El Colegio\u00a0\u00a0Guatemala English School dej\u00f3 de recibir subsidio y se convirti\u00f3 en un colegio de sost\u00e9n propio bajo la direcci\u00f3n de los pastores\u00a0\u00a0James Bodley y W. F. Hardt.<\/p><p style=\"font-weight: 400;\">En\u00a0<b><strong>1913,<\/strong><\/b>\u00a0se organizo la Misi\u00f3n Adventista de Guatemala, que lleg\u00f3 a formar parte de la Central American Conference que Depend\u00eda directamente de la Asociaci\u00f3n General. El pastor J. B. Stuyvesant fue el primer presidente de la Misi\u00f3n de Guatemala.<\/p><p style=\"font-weight: 400;\">En\u00a0<b><strong>1915<\/strong><\/b>, se organiz\u00f3 la Northern Spanish American Missions, que incluy\u00f3\u00a0\u00a0las misiones de M\u00e9xico, Honduras, Belice y Guatemala.<\/p><p style=\"font-weight: 400;\">En\u00a0<b><strong>1917,<\/strong><\/b>\u00a0el pastor Stuyvesant enfermo gravemente; por esa causa el Pastor Hardt\u00a0\u00a0se hizo cargo de la Misi\u00f3n de Guatemala.<\/p><p style=\"font-weight: 400;\">En\u00a0<b><strong>1917<\/strong><\/b>(1 de Noviembre), fue organizada la Iglesia Adventista de Puerto Barrios, con el nombre\u00a0\u00a0de Puerto Barrios Inglesa; \u00e9sta fue la primera Iglesia Adventista de Guatemala. Ese mismo A\u00f1o, diciembre de 1917, el pastor W. Miramontes bautizo a Abraham Espinosa, Jos\u00e9 \u00c1ngel L\u00f3pez, Mar\u00eda Anita de L\u00f3pez, Julio Molina, se\u00f1ora de Molina Y Adri\u00e1n Alc\u00e1ntara; estos fueron los primeros miembros de la Iglesia Adventista Central de Guatemala, pero fueron bautizados en San Antonio Suchitepez.<\/p><p style=\"font-weight: 400;\">\u00a0En\u00a0<b><strong>1918<\/strong><\/b>\u00a0fue organizada la North Latin-American Uni\u00f3n Conference; Que incluy\u00f3 las misiones de M\u00e9xico, Honduras, Belice, Guatemala y El Salvador.<\/p><p style=\"font-weight: 400;\">\u00a0\u00a0En\u00a0<b><strong>1918(<\/strong><\/b>enero) el Pastor E. W. Thurber; tomo posesi\u00f3n como segundo presidente la Misi\u00f3n de Guatemala. En ese tiempo el colportor Adri\u00e1n Alc\u00e1ntara organizo la Escuela Sab\u00e1tica de San Antonio Suchitepez.<\/p><p style=\"font-weight: 400;\">\u00a0De\u00a0<b><strong>1918 a 1920<\/strong><\/b>\u00a0el pastor Fred Owen fue el tercer presidente de la Misi\u00f3n de Guatemala. El Pastor Owen compro la propiedad situada en la 2\u00aa Ave. 10-44, zona 1; all\u00ed edifico el primer Templo Adventista y las oficinas de las Misi\u00f3n Adventista de Guatemala.<\/p><p style=\"font-weight: 400;\">\u00a0En\u00a0<b><strong>1918<\/strong><\/b>\u00a0un terremoto da\u00f1o los edificios del Colegio Guatemala English School, el colegio tuvo que trasladarse al edificio del Templo Adventista en la 2\u00aa avenida 10-44, zona1; pero el ministerio de educaci\u00f3n que el colegio continuara sus labores como un colegio de habla hispana, asi se origino el colegio mixto el progreso.<\/p><p style=\"font-weight: 400;\">\u00a0En\u00a0<b><strong>1919<\/strong><\/b>(22 enero) fue organizada la Iglesia Adventista de Jalapa; esta fue la segunda iglesia en Guatemala.<\/p><p style=\"font-weight: 400;\">\u00a0En\u00a0<b><strong>1920<\/strong><\/b>\u00a0el pastor Owen celebr\u00f3 conferencias en el teatro Zarco (Hoy Despensa Familiar) de Quetzaltenango: tambi\u00e9n celebro conferencias en Momostenango; en ambos lugares fue ayudado por el Colportor Adri\u00e1n Alc\u00e1ntara\u00a0\u00a0y la obra fue establecida en esos lugares.<\/p><p style=\"font-weight: 400;\">\u00a0En\u00a0<b><strong>1920<\/strong><\/b>\u00a0el Dr. Ernest von Pohle fue presidente de la Misi\u00f3n de Guatemala por solamente un mes, porque fue nombrado para trabajar en otro campo.<\/p><p style=\"font-weight: 400;\">\u00a0De\u00a0<b><strong>1920 a 1924<\/strong><\/b>\u00a0el pastor Martin fue presidente de la Misi\u00f3n de Guatemala. En esa ocasi\u00f3n fue bautizada la profesora Paula D\u00e1vila; poco despu\u00e9s fueron bautizada la profesora Brumfield y otra profesora.<\/p><p style=\"font-weight: 400;\">\u00a0En\u00a0<b><strong>1922<\/strong><\/b>\u00a0fue organizada la Divisi\u00f3n Interamericana con sede en Col\u00f3n, Zona del Canal de Panam\u00e1, La Divisi\u00f3n Interamericana incluyo las uniones y misiones del caribe, Colombia, Panam\u00e1, Costa Rica y Nicaragua, y la Noth\u00a0\u00a0Lat\u00edn-American Uni\u00f3n Conference, que inclu\u00eda las misiones de M\u00e9xico, Honduras, Belice, Guatemala y El Salvador.<\/p><p style=\"font-weight: 400;\">\u00a0En\u00a0<b><strong>1923<\/strong><\/b>\u00a0fue organizada la Uni\u00f3n Azteca, con sede en\u00a0\u00a0M\u00e9xico, esta uni\u00f3n incluyo las misiones de M\u00e9xico, Honduras, Belice, El Salvador Y Guatemala.<\/p><p style=\"font-weight: 400;\">\u00a0En\u00a0<b><strong>1923<\/strong><\/b>\u00a0(21 de octubre) fue organizado el grupo de San Antoni o Suchitepequez.<\/p><p style=\"font-weight: 400;\">\u00a0En\u00a0<b><strong>1924<\/strong><\/b>\u00a0(7 de Julio) fue bautizado Mois\u00e9s G\u00f3mez<\/p><p style=\"font-weight: 400;\">\u00a0En\u00a0\u00a0<b><strong>1924<\/strong><\/b>\u00a0fueron bautizados los primeros Adventistas de Quetzaltenango: Toribio Morales, Candelaria de Morales, Alejandro Morales, Dolores Alegr\u00eda, Alejandro Aguilar Samayoa y otros; con ellos fue organizada la Iglesia de Quetzaltenango.<\/p><p style=\"font-weight: 400;\">\u00a0En\u00a0<b><strong>1925<\/strong><\/b>\u00a0el Pastor Joe R. McWilliam fue presidente de la misi\u00f3n de Guatemala.<\/p><p style=\"font-weight: 400;\">\u00a0En\u00a0<b><strong>1925\u00a0<\/strong><\/b>las misiones de El Salvador y Guatemala se unieron como una sola bajo la presidencia del pastor Ellis P. Howard. En ese tiempo, la misi\u00f3n Guatemala- El Salvador formaba parte de la Uni\u00f3n Azteca.<\/p><p style=\"font-weight: 400;\">\u00a0En\u00a0<b><strong>1926(octubre<\/strong><\/b>) fue organizada la Uni\u00f3n Centroamericana, con sede en Costa Rica. La Misi\u00f3n Guatemala- El Salvador\u00a0\u00a0dejo de pertenecer a la Uni\u00f3n Azteca y formo parte de la uni\u00f3n Centroamericana.<\/p><p style=\"font-weight: 400;\">\u00a0En\u00a0<b><strong>1928<\/strong><\/b>\u00a0se compro una propiedad para establecer Obra Medica en Solol\u00e1.<\/p><p style=\"font-weight: 400;\">En\u00a0<b><strong>1930<\/strong><\/b>\u00a0el pastor Joe R. McWilliams fue nombrado presidente de la Misi\u00f3n de Guatemala-El Salvador, por segunda vez pero muri\u00f3 en el cargo.<\/p><p style=\"font-weight: 400;\">\u00a0De\u00a0<b><strong>1931 a 1942<\/strong><\/b>, el Pastor Orley Ford, procedente de Per\u00fa, fue presidente de la Misi\u00f3n de Guatemala-El Salvador.<\/p><p style=\"font-weight: 400;\">\u00a0En\u00a0<b><strong>1935<\/strong><\/b>\u00a0la sede de la Misi\u00f3n Adventista de Guatemala se traslado a Solol\u00e1, con el fin de apoyar la obra m\u00e9dica en ese territorio.<\/p><p style=\"font-weight: 400;\">\u00a0De\u00a0<b><strong>1932 a 1940<\/strong><\/b>\u00a0fueron organizadas las siguientes Iglesias Adventistas: G\u00e9nova<b><strong>(25 de Enero de 1932)<\/strong><\/b>, Momostenango(20 de Marzo de 1935), Hispana de Puerto Barrios(19 de Junio de 1935), Mazatenango(28 de Agosto de 1935) y Quetzaltenango( 13 de Julio de 1940).<\/p><p style=\"font-weight: 400;\">\u00a0De\u00a0<b><strong>1942 a 1945<\/strong><\/b>\u00a0el pastor Fred W. Wild fue presidente de la Misi\u00f3n de Guatemala.<\/p><p style=\"font-weight: 400;\">\u00a0En\u00a0<b><strong>1943<\/strong><\/b>\u00a0el pastor Jos\u00e9 canjura Aguilar celebro una campa\u00f1a evangelistica en el teatro Quetzal de Quetzaltenango, ayudado por lo instructores b\u00edblicos Emilio Garc\u00eda Leiva y Justiniano Castillo; al final de la Campa\u00f1a fueron bautizados: Rigoberto Rodas, Gloria Carrillo, Rigoberto Escalante, Roberto Rodr\u00edguez, Mar\u00eda Teresa Rodr\u00edguez, Jos\u00e9 L\u00f3pez, V\u00edctor Morales L\u00f3pez, Salvador Monz\u00f3n, Rafael Vel\u00e1squez, Mar\u00eda Genoveva de Vel\u00e1squez, Jacinto Chuvac, V\u00edctor G\u00fcinac, Gumersindo de Paz, Delfino Tzic, Catalina de Tzic, Adelfa Laparra, Soledad Monz\u00f3n y otros.<\/p><p style=\"font-weight: 400;\">En\u00a0<b><strong>1943<\/strong><\/b>\u00a0fueron organizadas dos iglesias: Escuintla (23 de febrero) y Chichicastenango (16 de diciembre).<\/p><p style=\"font-weight: 400;\">De\u00a0\u00a0<b><strong>1746 a 1947<\/strong><\/b>\u00a0\u00a0fueron organizadas las siguientes iglesias: Titinicap\u00e1n (hoy Pal\u00edn) (19 de enero de 1946), Tiquisate (18 de enero de 1947) y San Jos\u00e9 Ojeteman, SM. (19 de marzo de 1947).<\/p><p style=\"font-weight: 400;\">\u00a0En\u00a0<b><strong>1948<\/strong><\/b>\u00a0se obtuvo la personer\u00eda Jur\u00eddica de la Asociaci\u00f3n Cultural y Filatr\u00f3pica de Guatemala, para proteger las propiedades de la Misi\u00f3n Adventista; la personer\u00eda jur\u00eddica\u00a0\u00a0de las Asociaci\u00f3n Benevolente de Dorcas. El primer presidente fue Mois\u00e9s Tahay y el segundo presidente fue el hermano Luis Feldman.<\/p><p style=\"font-weight: 400;\">En\u00a0<b><strong>1949<\/strong><\/b>\u00a0fue fundando el Centro Cultural Indigenista (hoy Colegio El Alba) en Momostenango, bajo la direcci\u00f3n del pastor Mois\u00e9s Tahay.<\/p><p style=\"font-weight: 400;\">De\u00a0<b><strong>1950 a 1956<\/strong><\/b>\u00a0el pastor Kenneth L. Fleck fue presidente de la Misi\u00f3n de Guatemala.<\/p><p style=\"font-weight: 400;\">En\u00a0<b><strong>1950 (17 de septiembre<\/strong><\/b>) fue organizada de Iglesia Adventista de El Manch\u00e9n, Guatemala; esta iglesia se desintegr\u00f3 y los miembros se unieron a la Iglesia Adventista Central.<\/p><p style=\"font-weight: 400;\">En\u00a0<b><strong>1952 (marzo<\/strong><\/b>) el pastor Oscar Santa Cruz celebr\u00f3 una serie de conferencias en Coatepeque; al final de la campa\u00f1a fueron bautizados C\u00e9sar Santos, German Gramajo, Guillermo Fernando Rodas,\u00a0\u00a0Celia Eluvia de Rodas, Olga Rodas, Libna Rodas y Gloria Rodas.<\/p><p style=\"font-weight: 400;\">De\u00a0<b><strong>1956 a 1957<\/strong><\/b>\u00a0el pastor Fred McNiell fue presidente de la Misi\u00f3n de Guatemala, Falleci\u00f3 en Nicaragua en una accidente de aviaci\u00f3n<\/p><p style=\"font-weight: 400;\">En\u00a0<b><strong>1956\u00a0<\/strong><\/b>se obtuvo al personer\u00eda jur\u00eddica de la Misi\u00f3n Adventista de Guatemala.<\/p><p style=\"font-weight: 400;\">En\u00a0<b><strong>1956<\/strong><\/b>\u00a0fueron organizadas la siguientes iglesias: Pueblo Viejo (20 de julio), Momostenango 2 (19 de agosto), Huit\u00e1n (1956) y Patzarajmac Toto (1956).<\/p><p style=\"font-weight: 400;\">De\u00a0<b><strong>1957 a 1962<\/strong><\/b>\u00a0el pastor Roberto R. Kepky fue presidente de la Misi\u00f3n de Guatemala.<\/p><p style=\"font-weight: 400;\">De\u00a0<b><strong>1960 a 1962<\/strong><\/b>\u00a0fueron organizadas las siguientes iglesia: la 22 Calle (hoy Zona 11) (24 de septiembre 1960), Zelandia (14 de octubre de 1960), Tocache SM (22 abril 1961), San Felipe Reu (13 de mayo de 1961), Ipala (1962). Zelandia y Tocache fueron fundadas por el hermano Magdaleno Cifuentes.<\/p><p style=\"font-weight: 400;\">De\u00a0<b><strong>1962 a 1966<\/strong><\/b>\u00a0el pastor William T. Collins fue presidente de la Misi\u00f3n de Guatemala.<\/p><p style=\"font-weight: 400;\">En\u00a0<b><strong>1963 (27 de enero)<\/strong><\/b>\u00a0fue organizada la Iglesia Adventista de la Zona 5.<\/p><p style=\"font-weight: 400;\">En\u00a0<b><strong>1966 (enero<\/strong><\/b>) fueron organizadas las siguientes iglesias: San Pedro SM, Tocache y La Blanca.<\/p><p style=\"font-weight: 400;\">En\u00a0<b><strong>1967 a 1968<\/strong><\/b>\u00a0el pastor Lynn Baerg fue presidente de la Misi\u00f3n de Guatemala.<\/p><p style=\"font-weight: 400;\">De\u00a0<b><strong>1968 a 1975<\/strong><\/b>\u00a0el pastor Alfredo Gaona fue presidente de la Misi\u00f3n de Guatemala. En su tiempo fueron organizadas las iglesias.<\/p><p style=\"font-weight: 400;\">De\u00a0<b><strong>1976 a 1978<\/strong><\/b>\u00a0el pastor Jos\u00e9 Gonz\u00e1lez Riqu\u00e9 fue presidente de la Misi\u00f3n de Guatemala. En\u00a0<b><strong>1976\u00a0<\/strong><\/b>se fund\u00f3 el Colegio Mois\u00e9s Tahay de Quetzaltenango. En 1976 se organiz\u00f3 la Iglesia de Olinteque.<\/p><p style=\"font-weight: 400;\">El pastor Israel Williams fue presidente de la Misi\u00f3n de Guatemala.<\/p><p style=\"font-weight: 400;\">El pastor Cruz Ixcot fue presidente de la Misi\u00f3n de Guatemala.<\/p><p style=\"font-weight: 400;\">El pastor Jorge Garc\u00eda fue presidente de la misi\u00f3n de Guatemala.<\/p><p style=\"font-weight: 400;\">El pastor Emilio de Le\u00f3n fue presidente de la Misi\u00f3n de Guatemala<\/p><p style=\"font-weight: 400;\">En\u00a0<b><strong>1979<\/strong><\/b>\u00a0fue organizada la iglesia de Palestina de los altos, Quezaltenango.<\/p><p style=\"font-weight: 400;\">En\u00a0<b><strong>1980<\/strong><\/b>\u00a0(28 de noviembre) fue organizada la Iglesia de Duraznales.<\/p><p style=\"font-weight: 400;\">En\u00a0<b><strong>1988 (24 de mayo)<\/strong><\/b>\u00a0fue organizada de Iglesia de Tuipox. En 1990 fue organizada la iglesia de Sequivill\u00e1.<\/p><p style=\"font-weight: 400;\">En\u00a0<b><strong>1991<\/strong><\/b>\u00a0(31 de enero) fue organizada de la Iglesia de Telen\u00e1.<\/p><p style=\"font-weight: 400;\">En\u00a0<b><strong>1992\u00a0<\/strong><\/b>fue organizada la Iglesia de la Zona 4 de Quetzaltenango.<\/p><p style=\"font-weight: 400;\">En\u00a0<b><strong>1993<\/strong><\/b>\u00a0fue organizada la Iglesia de la Zona 3 de Quezaltenango.<\/p><h3 style=\"font-weight: 500;\"><a name=\"_Toc394396295\"><\/a>\u00daltima D\u00e9cada del Movimiento Adventista en Guatemala<\/h3><p style=\"font-weight: 400;\">En 1996 (25 de agosto) fue organizada la Iglesia de Concepci\u00f3n Chiquirichapa. (23 de noviembre) fue organizada la Iglesia de Almolonga. En 1998 (19 de septiembre) fue organizada la Iglesia de Llano del Pinal de Quezaltenango. En 1998 (septiembre) fue organizada la Iglesia de la Zona 7 Trigales de Quezaltenango. En\u00a0\u00a0(23 de noviembre) fue organizada la Iglesia de Los Paz. En 1999 (9 de junio) fue organizada la Misi\u00f3n Adventista de Occidente de Guatemala con sede en San Crist\u00f3bal Toto. El pastor Armando Reyes fue el primer presidente, le siguieron los siguientes pastores: H\u00e9ctor S\u00e1nchez, Gunther Garc\u00eda\u00a0\u00a0y Ramiro Hern\u00e1ndez.<\/p><p style=\"font-weight: 400;\">En 2000 (22 de julio) fue organizada la iglesia de San Mateo, Quezaltenango.<\/p><p style=\"font-weight: 400;\">En 2000 (1 de octubre) fue organizada la Iglesia de Concepci\u00f3n Chiquirichapa 3.<\/p><p style=\"font-weight: 400;\">En 2001 (agosto) fue organizada la iglesia de Salcaj\u00e1.<\/p><p style=\"font-weight: 400;\">\u00a0\u00a0\u00a0\u00a0\u00a0\u00a0\u00a0En 2002 fue organizada la Uni\u00f3n Centroamericana del Norte, que comprende las siguientes organizaciones: Asociaci\u00f3n Metropolitana de Guatemala, Misi\u00f3n de Belice, Misi\u00f3n de Occidente, Misi\u00f3n de Oriente, Misi\u00f3n del Pet\u00e9n, Misi\u00f3n del Sur.<\/p><p style=\"font-weight: 400;\">\u00a0\u00a0\u00a0\u00a0\u00a0\u00a0\u00a0En 2003 fueron organizadas las siguientes iglesias: Zona\u00a0\u00a07 Colonia San Antonio, Quezaltenango\u00a0\u00a0(15 de marzo del 2003) San Juan Ostuncalco (5 de mayo del 2003), Aldea Justo Rufino Barrios de Quezaltenango (5 de septiembre del 2004), Xe\u00fal, Cantel (12 de septiembre del 2004)<\/p><p style=\"font-weight: 400;\">\u00a0\u00a0\u00a0\u00a0\u00a0\u00a0\u00a0El pastor Frank Nickels fue presidente de la Misi\u00f3n de Guatemala.<\/p><p style=\"font-weight: 400;\">\u00a0\u00a0\u00a0\u00a0\u00a0\u00a0\u00a0El pastor Oswaldo Maga\u00f1a fue presidente de la Misi\u00f3n de Guatemala<\/p><p style=\"font-weight: 400;\">El pastor Ren\u00e9 Mart\u00ednez fue presidente de la Misi\u00f3n de Guatemala.<\/p><p style=\"font-weight: 400;\">Fue organizada la Asociaci\u00f3n Adventista Metropolitana de Guatemala, con sede en Vista Hermosa, zona 15. El primero presidente fue el Pastor Ren\u00e9 Mart\u00ednez, el segundo fue el pastor Mario Calder\u00f3n, el tercero fue el pastor H\u00e9ctor S\u00e1nchez, el cuarto fue el pastor Otoniel Trujillo.<\/p><p style=\"font-weight: 400;\">Fue organizada la Misi\u00f3n Adventista de Guatemala, con sede en la zona\u00a0\u00a07 de Guatemala. El primer presidente fue el pastor Guenther Garc\u00eda Arroyo, el segundo fue el pastor Irving Calder\u00f3n.<\/p><p style=\"font-weight: 400;\">Fue organizada la Misi\u00f3n Adventista de Occidente, con sede en San Crist\u00f3bal Totonicap\u00e1n. El primer presidente fue el pastor Armando Reyes, el segundo fue el pastor H\u00e9ctor S\u00e1nchez, el tercero fue el pastor Guenther Garc\u00eda Arroyo, el cuarto fue el pastor Ramiro Hern\u00e1ndez.<\/p><p style=\"font-weight: 400;\">Fue organizada la Misi\u00f3n Adventista del Sur de Guatemala, con sede en Mazatenango. El primer presidente fue el pastor Jaime Torres, el segundo fue el pastor Ramiro Hern\u00e1ndez, el tercero fue el pastor Otoniel Trujillo, el cuarto fue el pastor Edy Hern\u00e1ndez<\/p><p style=\"font-weight: 400;\">Fue organizada la Misi\u00f3n Adventista de Oriente de Guatemala, con sede en Teculut\u00e1n. El primer Presidente fue el Pastor Mario Calder\u00f3n, el segundo fue el pastor Jaime Torres.<\/p><p style=\"font-weight: 400;\">Fue organizada la Misi\u00f3n Adventista del Norte, con sede en San Benito, Pet\u00e9n.\u00a0\u00a0El primer presidente fue el pastor Rom\u00e1n Monroy.<\/p><p style=\"font-weight: 400;\">Fue organizada la Uni\u00f3n Centroamericana Norte, que incluso las siguientes organizaciones: Asociaci\u00f3n Metropolitana de Guatemala, Misi\u00f3n de Belice, Misi\u00f3n de Occidente, Misi\u00f3n de Oriente, Misi\u00f3n del Sur y misi\u00f3n del Pet\u00e9n y Misi\u00f3n Central de Guatemala. El primer Presidente fue el pastor Mario Calder\u00f3n.<\/p><p style=\"font-weight: 400;\">La antigua Uni\u00f3n Centroamericana fue dividida en 3 organizaciones: la Uni\u00f3n Centroamericana del Norte, que incluye Belice y Guatemala, con sede en Vista Hermoso de Guatemala; la Uni\u00f3n Centroamericana del Centro, con sede en Tegucigalpa que incluye\u00a0\u00a0y la Uni\u00f3n Centroamericana del Sur.<\/p><p style=\"font-weight: 400;\">Fue organizada la Uni\u00f3n Centroamericana\u00a0\u00a0del Norte; formaron parte de esta Uni\u00f3n las siguientes organizaciones: Misi\u00f3n de Belice, Asociaci\u00f3n Metropolitana de Guatemala, Misi\u00f3n Central de Guatemala, Misi\u00f3n de Oriente, Misi\u00f3n del Pet\u00e9n, Misi\u00f3n de Occidente y Misi\u00f3n Sur. El primer presidente fue el pastor Mario Calder\u00f3n, segundo presidente el pastor Guenther Garc\u00eda Arroyo.<\/p><h2 style=\"font-weight: 500;\">DATOS DE FELIGRES\u00cdA<\/h2><p style=\"font-weight: 400;\"><b><strong>GUATEMALA UNI\u00d3N MISI\u00d3N<\/strong><\/b><\/p><p style=\"font-weight: 400;\">Antes fue parte de la Uni\u00f3n Centroamericana Misi\u00f3n del Norte, fue Organizada en el a\u00f1o 2003; reorganizaron 2008. Su Territorio est\u00e1 dividido en una asociaci\u00f3n, cinco misiones y dos regiones, que comprende la Asociaci\u00f3n de Guatemala Metropolitana, las Misiones de Guatemala Central, Oriental Guatemala, el norte de Guatemala, Guatemala Sur, Occidental de Guatemala y las regiones de Noroccidente y Centro Sur.<\/p><p style=\"font-weight: 400;\">Esta Uni\u00f3n cuenta con las siguientes Estad\u00edsticas: Iglesias, 809; afiliaci\u00f3n, 245.466; poblaci\u00f3n, 15.428.000 (estad\u00edsticas en l\u00ednea).<\/p><p style=\"font-weight: 400;\">Informaci\u00f3n de sus Administradores<\/p><p style=\"font-weight: 400;\">Presidente, Guenther Garc\u00eda.<\/p><p style=\"font-weight: 400;\">Secretario, Ramiro Hern\u00e1ndez.<\/p><p style=\"font-weight: 400;\">Tesorero, Abilio Cima.<\/p><p style=\"font-weight: 400;\">Departamentales:<\/p><p style=\"font-weight: 400;\">Ministerios de los Ni\u00f1os, y los Ministerios de la Mujer, Leticia Hern\u00e1ndez.<\/p><p style=\"font-weight: 400;\">Comunicaci\u00f3n, Escuela Sab\u00e1tica y Ministerio Personal y Ministerios de Mayordom\u00eda, Gustavo Men\u00e9ndez.<\/p><p style=\"font-weight: 400;\">Educaci\u00f3n, Yaneth Cima.<\/p><p style=\"font-weight: 400;\">Ministerios de la Familia, y los Ministerios de Salud, David Beber.<\/p><p style=\"font-weight: 400;\">Asociaci\u00f3n Ministerial, Ramiro Hern\u00e1ndez.<\/p><p style=\"font-weight: 400;\">Ministerios de la Juventud, Irving Calder\u00f3n.<\/p><p style=\"font-weight: 400;\">ADRA, Gustavo Men\u00e9ndez.<\/p><p style=\"font-weight: 400;\"><a name=\"_Toc394396298\"><\/a><b><strong>Conclusiones<\/strong><\/b><\/p><p style=\"font-weight: 400;\">Como ya se vio en el presente trabajo,\u00a0\u00a0es de mucha importancia conocer la historia de nuestro pa\u00eds, pues en ella encontramos\u00a0\u00a0las luchas de grandes hombres valientes que se han esforzado para tener una mejor patria,\u00a0\u00a0y para el bienestar de los individuos.\u00a0\u00a0Recordemos\u00a0tambi\u00e9n que debemos valorar las riquezas que hay en nuestro pa\u00eds, pues son \u00fanicas a diferencias de otros pa\u00edses y que no pueden ser irrecuperables si no se tiene el cuidado y el pa\u00eds puede llegar a lamentarlo.<\/p><p style=\"font-weight: 400;\">Por otro lado no cabe duda de que el pueblo adventista, se sigue esforzando por predicar el evangelio de Jesucristo\u00a0\u00a0y con los datos presentados en este trabajo nos damos cuenta de que sigue creciendo y avanzando, en diferentes lugares de Guatemala, as\u00ed como en zonas rurales, como en la misma ciudad,\u00a0\u00a0\u00a0a pesar de que la situaci\u00f3n no es tan favorable hoy en d\u00eda y todo esto se ha logrado gracias a hombres valientes que se esfuerzan por predicar el evangelio, en todo lugar y en todo momento.<\/p><p style=\"font-weight: 400;\">Concluyo diciendo\u00a0\u00a0que\u00a0\u00a0la obra adventista no est\u00e1 siendo dirigida por ning\u00fan ser humano mortal, pues si as\u00ed lo fuera tiempo atr\u00e1s hubiese desaparecido, sin embargo, con estos datos de la predicaci\u00f3n del evangelio y el esfuerzo misionero en Guatemala, no nos cabe duda de que quien dirige esta iglesia es Jesucristo nuestro amigo y salvador.<\/p><h1 style=\"font-weight: 500;\">\u00a0<\/h1><h1 style=\"font-weight: 500;\"><a name=\"_Toc394396299\"><\/a>Bibliograf\u00eda<\/h1><p style=\"font-weight: 400;\">\u00a0Carlos Sabino.\u00a0<em>Guatemala: la historia silenciada (1944-1989).<\/em><\/p><p style=\"font-weight: 400;\">\u00a0Centro Mariano &#8220;Regnum Mariae&#8221;. \u00ab<a href=\"http:\/\/regnummariae.org\/santo_rosario\/historia_de_la_patrona_de_guatem.htm\">Historia de la Patrona de Guatemala<\/a>\u00bb\u00a0(en espa\u00f1ol). Consultado el 9 de abril de 2014.<\/p><p style=\"font-weight: 400;\"><a href=\"http:\/\/es.wikipedia.org\/wiki\/Dieter_Lehnhoff\">Dieter Lehnhoff<\/a>.\u00a0<em>Creaci\u00f3n musical en Guatemala.<\/em>\u00a0Guatemala: Universidad Rafael\u00a0\u00a0\u00a0\u00a0\u00a0\u00a0<\/p><p style=\"font-weight: 400;\">\u00a0\u00a0\u00a0\u00a0\u00a0\u00a0\u00a0\u00a0\u00a0\u00a0\u00a0\u00a0Land\u00edvar, Fundaci\u00f3n G&amp;T Continental, Editorial Galer\u00eda Guatemala, 2005.<\/p><p style=\"font-weight: 400;\">Federico Hern\u00e1nde.\u00a0<em>El Libro de las Efem\u00e9rides<\/em><\/p><p style=\"font-weight: 400;\">Francis Polo Sifontes.\u00a0<em>Historia de Guatemala<\/em>.\u00a0Guatemala: Editorial Everest, 1996.<\/p><p style=\"font-weight: 400;\"><em>Historia General de Guatemala<\/em>. Guatemala: Asociaci\u00f3n de Amigos del Pa\u00eds, 1992-1999.I<\/p><p style=\"font-weight: 400;\"><a href=\"http:\/\/adventista.es\/\">http:\/\/adventista.es\/<\/a><\/p><p style=\"font-weight: 400;\"><a href=\"http:\/\/es.wikipedia.org\/wiki\/Iglesia_Adventista_del_S%C3%A9ptimo_D%C3%ADa\">http:\/\/es.wikipedia.org\/wiki\/Iglesia_Adventista_del_S%C3%A9ptimo_D%C3%ADa<\/a><\/p><p style=\"font-weight: 400;\"><a href=\"http:\/\/www.adventistas.org\/es\/\">http:\/\/www.adventistas.org\/es\/<\/a><a href=\"http:\/\/www.adventistyearbook.org\/default.aspx?page=ViewAdmField&amp;Year=9999&amp;Adm%20%20%20%20%20%20%20%20%20FieldID=NCAU\">http:\/\/www.adventistyearbook.org\/default.aspx?page=ViewAdmField&amp;Year=9999&amp;Adm\u00a0\u00a0\u00a0\u00a0\u00a0\u00a0\u00a0\u00a0\u00a0FieldID=NCAU<\/a><\/p><p style=\"font-weight: 400;\">Jorge Luj\u00e1n Mu\u00f1oz.\u00a0<em>Breve historia contempor\u00e1nea de Guatemala<\/em>.<\/p><p style=\"font-weight: 400;\">Presidente de los adventistas en Guatemala, Pr. Guenther Garc\u00eda.<\/p><p style=\"font-weight: 400;\">Secretario de los adventistas en Guatemala Pr. Ramiro Hern\u00e1ndez.<\/p><p style=\"font-weight: 400;\">Severo Mart\u00ednez.\u00a0<em>La patria del criollo: ensayo de interpretaci\u00f3n de la realidad colonial<\/em><em>\u00a0guatemalteca<\/em>.<\/p><p style=\"font-weight: 400;\">Tesorero de los adventistas en Guatemala Pr. Abilio Cima.<\/p>\t\t\t\t\t\t\t\t<\/div>\n\t\t\t\t<\/div>\n\t\t\t\t\t<\/div>\n\t\t<\/div>\n\t\t\t\t<div class=\"elementor-column elementor-col-33 elementor-top-column elementor-element elementor-element-2d4eb97c sidebar\" data-id=\"2d4eb97c\" data-element_type=\"column\">\n\t\t\t<div class=\"elementor-widget-wrap elementor-element-populated\">\n\t\t\t\t\t\t<div class=\"elementor-element elementor-element-5a0ba073 elementor-widget elementor-widget-sidebar\" data-id=\"5a0ba073\" data-element_type=\"widget\" data-widget_type=\"sidebar.default\">\n\t\t\t\t<div class=\"elementor-widget-container\">\n\t\t\t\t\t<section id=\"search-2\" class=\"widget widget_search\"><form rol=\"search\" method=\"GET\" action=\"https:\/\/unadeca.net\/cwhite\/\">\n  <input type=\"search\"class=\"form-control\"\n  placeholder=\"Buscar\"\n  name=\"s\"\n  title=\"Buscar\"\n  value=\"\">\n<\/form>\n<\/section><section id=\"latest_news-2\" class=\"widget widget_latest_news\"><h2 class=\"widget-title\">Otras publicaciones<\/h2><a href=\"https:\/\/unadeca.net\/cwhite\/2026\/04\/15\/pensamiento-del-dia-310\/\" class=\"sidebar-news\" >\n                <div class=\"media-body\" style=\"padding-bottom:20px !important;\">\n                    <h5 class=\"title-news\">PENSAMIENTO DEL D\u00cdA<\/h5>\n                <h5 class=\"date-news\">15-04-2026<\/h5>\n                <p>&#8220;Manifestar enojo hacia un hijo que se equiv...<\/p>\n                <\/div>\n                <\/a><a href=\"https:\/\/unadeca.net\/cwhite\/2026\/04\/14\/pensamiento-del-dia-309\/\" class=\"sidebar-news\" >\n                <div class=\"media-body\" style=\"padding-bottom:20px !important;\">\n                    <h5 class=\"title-news\">PENSAMIENTO DEL D\u00cdA<\/h5>\n                <h5 class=\"date-news\">14-04-2026<\/h5>\n                <p>&#8220;Necesitamos no estar todo el tiempo de rodi...<\/p>\n                <\/div>\n                <\/a><a href=\"https:\/\/unadeca.net\/cwhite\/2026\/04\/13\/pensamiento-del-dia-308\/\" class=\"sidebar-news\" >\n                <div class=\"media-body\" style=\"padding-bottom:20px !important;\">\n                    <h5 class=\"title-news\">PENSAMIENTO DEL D\u00cdA<\/h5>\n                <h5 class=\"date-news\">13-04-2026<\/h5>\n                <p>&#8220;La vida espiritual puede mantenerse vigoros...<\/p>\n                <\/div>\n                <\/a><a href=\"https:\/\/unadeca.net\/cwhite\/2026\/04\/09\/pensamiento-del-dia-307\/\" class=\"sidebar-news\" >\n                <div class=\"media-body\" style=\"padding-bottom:20px !important;\">\n                    <h5 class=\"title-news\">PENSAMIENTO DEL D\u00cdA<\/h5>\n                <h5 class=\"date-news\">09-04-2026<\/h5>\n                <p>&#8220;LA ATM\u00d3SFERA La atm\u00f3sfera que rodea el al...<\/p>\n                <\/div>\n                <\/a><a href=\"https:\/\/unadeca.net\/cwhite\/2026\/04\/08\/pensamiento-del-dia-306\/\" class=\"sidebar-news\" >\n                <div class=\"media-body\" style=\"padding-bottom:20px !important;\">\n                    <h5 class=\"title-news\">PENSAMIENTO DEL D\u00cdA<\/h5>\n                <h5 class=\"date-news\">08-04-2026<\/h5>\n                <p>&#8220;S\u00c9 SALUDABLE,ramas que dan fruto de la vid...<\/p>\n                <\/div>\n                <\/a><a href=\"https:\/\/unadeca.net\/cwhite\/2026\/04\/07\/pensamiento-del-dia-305\/\" class=\"sidebar-news\" >\n                <div class=\"media-body\" style=\"padding-bottom:20px !important;\">\n                    <h5 class=\"title-news\">PENSAMIENTO DEL D\u00cdA<\/h5>\n                <h5 class=\"date-news\">07-04-2026<\/h5>\n                <p>&#8220;La verdad b\u00edblica debe presentarse de una ...<\/p>\n                <\/div>\n                <\/a><a href=\"https:\/\/unadeca.net\/cwhite\/2026\/04\/06\/pensamiento-del-dia-304\/\" class=\"sidebar-news\" >\n                <div class=\"media-body\" style=\"padding-bottom:20px !important;\">\n                    <h5 class=\"title-news\">PENSAMIENTO DEL D\u00cdA<\/h5>\n                <h5 class=\"date-news\">06-04-2026<\/h5>\n                <p>\u201cExiste una atm\u00f3sfera peculiar que rodea el alm...<\/p>\n                <\/div>\n                <\/a><a href=\"https:\/\/unadeca.net\/cwhite\/2026\/03\/31\/pensamiento-del-dia-303\/\" class=\"sidebar-news\" >\n                <div class=\"media-body\" style=\"padding-bottom:20px !important;\">\n                    <h5 class=\"title-news\">PENSAMIENTO DEL D\u00cdA<\/h5>\n                <h5 class=\"date-news\">31-03-2026<\/h5>\n                <p>&#8220;LA CONCIENCIAde hacer lo correcto es la mej...<\/p>\n                <\/div>\n                <\/a><a href=\"https:\/\/unadeca.net\/cwhite\/2026\/03\/30\/pensamiento-del-dia-302\/\" class=\"sidebar-news\" >\n                <div class=\"media-body\" style=\"padding-bottom:20px !important;\">\n                    <h5 class=\"title-news\">PENSAMIENTO DEL D\u00cdA<\/h5>\n                <h5 class=\"date-news\">30-03-2026<\/h5>\n                <p>&#8220;MUCHOS DE LOS J\u00d3VENESson imprudentes en su...<\/p>\n                <\/div>\n                <\/a><a href=\"https:\/\/unadeca.net\/cwhite\/2026\/03\/26\/pensamiento-del-dia-301\/\" class=\"sidebar-news\" >\n                <div class=\"media-body\" style=\"padding-bottom:20px !important;\">\n                    <h5 class=\"title-news\">PENSAMIENTO DEL D\u00cdA<\/h5>\n                <h5 class=\"date-news\">26-03-2026<\/h5>\n                <p>&#8220;Padres y madres,hablen con bondad a sus hij...<\/p>\n                <\/div>\n                <\/a><\/ul><\/section><section id=\"latest_events-2\" class=\"widget widget_latest_events\"><h2 class=\"widget-title\">Pr\u00f3ximos Eventos<\/h2><p style=\"padding:25px;\">No listing found<\/p><\/section>\t\t\t\t<\/div>\n\t\t\t\t<\/div>\n\t\t\t\t\t<\/div>\n\t\t<\/div>\n\t\t\t\t\t<\/div>\n\t\t<\/section>\n\t\t\t\t<\/div>\n\t\t","protected":false},"excerpt":{"rendered":"<p>Historia de la iglesia: Guatemala INICIO DE LA OBRA ADVENTISTA EN GUATEMALA \u00a0\u00a0\u00a0\u00a0\u00a0Por Carlos Chavarr\u00eda\u00a0Daniel Montalv\u00e1nCarlos MontoyaOscar V\u00e1squez INTRODUCCI\u00d3N \u00a0En el presenta trabajo, es una serie de recopilaci\u00f3n hist\u00f3rica que se ha desarrollado\u00a0atreves de muchos a\u00f1os atr\u00e1s, hasta lo que hoy es Guatemala, en este trabajo daremos informaci\u00f3n general de las riquezas que posee el\u00a0\u00a0hermoso [&hellip;]<\/p>\n","protected":false},"author":1,"featured_media":0,"parent":0,"menu_order":0,"comment_status":"closed","ping_status":"closed","template":"","meta":{"footnotes":""},"class_list":["post-2756","page","type-page","status-publish","hentry"],"_links":{"self":[{"href":"https:\/\/unadeca.net\/cwhite\/wp-json\/wp\/v2\/pages\/2756","targetHints":{"allow":["GET"]}}],"collection":[{"href":"https:\/\/unadeca.net\/cwhite\/wp-json\/wp\/v2\/pages"}],"about":[{"href":"https:\/\/unadeca.net\/cwhite\/wp-json\/wp\/v2\/types\/page"}],"author":[{"embeddable":true,"href":"https:\/\/unadeca.net\/cwhite\/wp-json\/wp\/v2\/users\/1"}],"replies":[{"embeddable":true,"href":"https:\/\/unadeca.net\/cwhite\/wp-json\/wp\/v2\/comments?post=2756"}],"version-history":[{"count":6,"href":"https:\/\/unadeca.net\/cwhite\/wp-json\/wp\/v2\/pages\/2756\/revisions"}],"predecessor-version":[{"id":5750,"href":"https:\/\/unadeca.net\/cwhite\/wp-json\/wp\/v2\/pages\/2756\/revisions\/5750"}],"wp:attachment":[{"href":"https:\/\/unadeca.net\/cwhite\/wp-json\/wp\/v2\/media?parent=2756"}],"curies":[{"name":"wp","href":"https:\/\/api.w.org\/{rel}","templated":true}]}}